{"id":8764,"date":"2016-11-08T14:25:04","date_gmt":"2016-11-08T14:25:04","guid":{"rendered":"http:\/\/creator.elated-themes.com\/?page_id=8764"},"modified":"2021-02-14T20:52:52","modified_gmt":"2021-02-14T20:52:52","slug":"main-home-2","status":"publish","type":"page","link":"http:\/\/mueblesfranceska.com.ve\/","title":{"rendered":"Main Home"},"content":{"rendered":"<p>[vc_row content_width=\u00bbgrid\u00bb center_bck_image=\u00bbno\u00bb css=\u00bb.vc_custom_1613329834655{padding-top: 105px !important;padding-bottom: 60px !important;background-color: #959595 !important;}\u00bb el_class=\u00bbcategorias\u00bb][vc_column offset=\u00bbvc_col-lg-offset-0 vc_col-lg-12 vc_col-md-offset-0 vc_col-md-12&#8243; css=\u00bb.vc_custom_1610200266858{padding-right: 10% !important;padding-left: 10% !important;}\u00bb][vc_column_text css=\u00bb.vc_custom_1613081421144{padding-right: 20px !important;padding-left: 20px !important;}\u00bb]<\/p>\n<h2 style=\"text-align: center; color: white;\">Cat\u00e1logo de Productos<\/h2>\n<p>[\/vc_column_text]<div class=\"eltd-separator-holder clearfix  eltd-separator-center\">\n\t<div class=\"eltd-separator\" style=\"border-color: #f29f25;border-style: solid;width: 200px;border-bottom-width: 4px\"><\/div>\n<\/div>\n[vc_column_text css=\u00bb.vc_custom_1613081465880{padding-right: 20px !important;padding-left: 20px !important;}\u00bb]<\/p>\n<p style=\"text-align: center; color: #363636;\">Disponemos de una gran variedad de muebles fabricados<br \/>\ncon los mejores materiales junto la m\u00e1s alta calidad y confort<\/p>\n<p>[\/vc_column_text][\/vc_column][\/vc_row][vc_row content_width=\u00bbgrid\u00bb center_bck_image=\u00bbno\u00bb css=\u00bb.vc_custom_1613335122172{padding-bottom: 85px !important;background-color: #959595 !important;}\u00bb el_class=\u00bbcategoria-buttons\u00bb][vc_column offset=\u00bbvc_col-lg-offset-3 vc_col-lg-6 vc_col-xs-12&#8243;]<a href=\"http:\/\/mueblesfranceska.com.ve\/?product_cat=franceska\" target=\"_self\" style=\"font-weight: 100\" class=\"eltd-btn eltd-btn-small eltd-btn-transparent\"  >\n    <span class=\"eltd-btn-text\">Franceska<\/span>\n        <span class=\"eltd-btn-overlay\"   ><\/span>\n<\/a><a href=\"http:\/\/mueblesfranceska.com.ve\/?product_cat=franceska-design\" target=\"_self\" style=\"font-weight: 100\" class=\"eltd-btn eltd-btn-small eltd-btn-transparent\"  >\n    <span class=\"eltd-btn-text\">Franceska Design<\/span>\n        <span class=\"eltd-btn-overlay\"   ><\/span>\n<\/a><a href=\"http:\/\/mueblesfranceska.com.ve\/?product_cat=franceska-collection\" target=\"_self\" style=\"font-weight: 100\" class=\"eltd-btn eltd-btn-small eltd-btn-transparent\"  >\n    <span class=\"eltd-btn-text\">Franceska Collection<\/span>\n        <span class=\"eltd-btn-overlay\"   ><\/span>\n<\/a>[\/vc_column][\/vc_row][vc_row content_width=\u00bbgrid\u00bb center_bck_image=\u00bbno\u00bb css=\u00bb.vc_custom_1613334582949{padding-bottom: 85px !important;background-color: #959595 !important;}\u00bb][vc_column width=\u00bb1\/3&#8243;]<div class=\"woocommerce columns-1 \"><ul class=\"products columns eltd-type-1 \">\n<li class=\"product type-product post-11173 status-publish first instock product_cat-dormitorios product_cat-franceska product_tag-dormitorios has-post-thumbnail shipping-taxable product-type-simple\" >\n\t<div class=\"eltd-product-inner\">\n\n\t\t<div class=\"eltd-product-image-holder\">\n\n\t\t\t<img width=\"300\" height=\"300\" src=\"http:\/\/mueblesfranceska.com.ve\/wp-content\/uploads\/2020\/12\/dorm_eclipse-1-300x300.jpg\" class=\"attachment-woocommerce_thumbnail size-woocommerce_thumbnail\" alt=\"Dormitorio Eclipse\" loading=\"lazy\" srcset=\"http:\/\/mueblesfranceska.com.ve\/wp-content\/uploads\/2020\/12\/dorm_eclipse-1-300x300.jpg 300w, http:\/\/mueblesfranceska.com.ve\/wp-content\/uploads\/2020\/12\/dorm_eclipse-1-150x150.jpg 150w, http:\/\/mueblesfranceska.com.ve\/wp-content\/uploads\/2020\/12\/dorm_eclipse-1-100x100.jpg 100w\" sizes=\"(max-width: 300px) 100vw, 300px\" \/>\t\t\t<div class=\"eltd-product-image-overlay\">\n\t\t\t\t<a class=\"eltd-product-link\" href=\"http:\/\/mueblesfranceska.com.ve\/?product=eclipse\"><\/a>\n\t\t\t\t<div class=\"eltd-product-image-overlay-inner\">\n\t\t\t\t\t<a href=\"http:\/\/mueblesfranceska.com.ve\/?product=eclipse\" target=\"_self\" style=\"color: #333333;background-color: #ffffff;border-color: #ffffff\" class=\"eltd-btn eltd-btn-medium eltd-btn-solid eltd-btn-custom-hover-bg eltd-btn-custom-border-hover eltd-btn-custom-hover-color  ajax_add_to_cart product_type_simple\" data-hover-bg-color=\"#363636\" data-hover-color=\"#ffffff\" data-hover-border-color=\"#363636\" rel=\"nofollow\" data-product_id=\"11173\"  data-quantity=\"1\">    <span class=\"eltd-btn-text\">Leer m\u00e1s<\/span>        <span class=\"eltd-btn-overlay\"   ><\/span><\/a>\t\t\t\t<\/div>\n\t\t\t<\/div>\n\t\t<\/div>\n\n\t\t<div class=\"eltd-product-content-holder\">\n\n\t\t\t<div class=\"eltd-product-title-holder\">\n\t\t\t\t<h5 class=\"eltd-product-list-product-title\"><a href=\"http:\/\/mueblesfranceska.com.ve\/?product=eclipse\">Eclipse<\/a><\/h5>\n\t\t\t<\/div>\n\t\t\t\n\t\t<\/div>\n\n\n\t<\/div>\n<\/li>\n\n\n\n<li class=\"product type-product post-11061 status-publish first instock product_cat-franceska product_cat-poltronas product_tag-poltronas has-post-thumbnail shipping-taxable product-type-simple\" >\n\t<div class=\"eltd-product-inner\">\n\n\t\t<div class=\"eltd-product-image-holder\">\n\n\t\t\t<img width=\"300\" height=\"300\" src=\"http:\/\/mueblesfranceska.com.ve\/wp-content\/uploads\/2020\/12\/polt_barbara-300x300.jpg\" class=\"attachment-woocommerce_thumbnail size-woocommerce_thumbnail\" alt=\"Poltrona B\u00e1rbara\" loading=\"lazy\" srcset=\"http:\/\/mueblesfranceska.com.ve\/wp-content\/uploads\/2020\/12\/polt_barbara-300x300.jpg 300w, http:\/\/mueblesfranceska.com.ve\/wp-content\/uploads\/2020\/12\/polt_barbara-150x150.jpg 150w, http:\/\/mueblesfranceska.com.ve\/wp-content\/uploads\/2020\/12\/polt_barbara-100x100.jpg 100w\" sizes=\"(max-width: 300px) 100vw, 300px\" \/>\t\t\t<div class=\"eltd-product-image-overlay\">\n\t\t\t\t<a class=\"eltd-product-link\" href=\"http:\/\/mueblesfranceska.com.ve\/?product=barbara\"><\/a>\n\t\t\t\t<div class=\"eltd-product-image-overlay-inner\">\n\t\t\t\t\t<a href=\"http:\/\/mueblesfranceska.com.ve\/?product=barbara\" target=\"_self\" style=\"color: #333333;background-color: #ffffff;border-color: #ffffff\" class=\"eltd-btn eltd-btn-medium eltd-btn-solid eltd-btn-custom-hover-bg eltd-btn-custom-border-hover eltd-btn-custom-hover-color  ajax_add_to_cart product_type_simple\" data-hover-bg-color=\"#363636\" data-hover-color=\"#ffffff\" data-hover-border-color=\"#363636\" rel=\"nofollow\" data-product_id=\"11061\"  data-quantity=\"1\">    <span class=\"eltd-btn-text\">Leer m\u00e1s<\/span>        <span class=\"eltd-btn-overlay\"   ><\/span><\/a>\t\t\t\t<\/div>\n\t\t\t<\/div>\n\t\t<\/div>\n\n\t\t<div class=\"eltd-product-content-holder\">\n\n\t\t\t<div class=\"eltd-product-title-holder\">\n\t\t\t\t<h5 class=\"eltd-product-list-product-title\"><a href=\"http:\/\/mueblesfranceska.com.ve\/?product=barbara\">B\u00e1rbara<\/a><\/h5>\n\t\t\t<\/div>\n\t\t\t\n\t\t<\/div>\n\n\n\t<\/div>\n<\/li>\n\n\n\n<\/ul>\n<\/div>[\/vc_column][vc_column width=\u00bb1\/3&#8243;]<div class=\"woocommerce columns-1 \"><ul class=\"products columns eltd-type-1 \">\n<li class=\"product type-product post-11370 status-publish first instock product_cat-franceska-design product_cat-modulares product_tag-modulares has-post-thumbnail shipping-taxable product-type-simple\" >\n\t<div class=\"eltd-product-inner\">\n\n\t\t<div class=\"eltd-product-image-holder\">\n\n\t\t\t<img width=\"300\" height=\"300\" src=\"http:\/\/mueblesfranceska.com.ve\/wp-content\/uploads\/2021\/01\/P1939-0025-300x300.jpg\" class=\"attachment-woocommerce_thumbnail size-woocommerce_thumbnail\" alt=\"Modular P1939-0025\" loading=\"lazy\" srcset=\"http:\/\/mueblesfranceska.com.ve\/wp-content\/uploads\/2021\/01\/P1939-0025-300x300.jpg 300w, http:\/\/mueblesfranceska.com.ve\/wp-content\/uploads\/2021\/01\/P1939-0025-150x150.jpg 150w, http:\/\/mueblesfranceska.com.ve\/wp-content\/uploads\/2021\/01\/P1939-0025-100x100.jpg 100w\" sizes=\"(max-width: 300px) 100vw, 300px\" \/>\t\t\t<div class=\"eltd-product-image-overlay\">\n\t\t\t\t<a class=\"eltd-product-link\" href=\"http:\/\/mueblesfranceska.com.ve\/?product=modular-p1939-0025\"><\/a>\n\t\t\t\t<div class=\"eltd-product-image-overlay-inner\">\n\t\t\t\t\t<a href=\"http:\/\/mueblesfranceska.com.ve\/?product=modular-p1939-0025\" target=\"_self\" style=\"color: #333333;background-color: #ffffff;border-color: #ffffff\" class=\"eltd-btn eltd-btn-medium eltd-btn-solid eltd-btn-custom-hover-bg eltd-btn-custom-border-hover eltd-btn-custom-hover-color  ajax_add_to_cart product_type_simple\" data-hover-bg-color=\"#363636\" data-hover-color=\"#ffffff\" data-hover-border-color=\"#363636\" rel=\"nofollow\" data-product_id=\"11370\"  data-quantity=\"1\">    <span class=\"eltd-btn-text\">Leer m\u00e1s<\/span>        <span class=\"eltd-btn-overlay\"   ><\/span><\/a>\t\t\t\t<\/div>\n\t\t\t<\/div>\n\t\t<\/div>\n\n\t\t<div class=\"eltd-product-content-holder\">\n\n\t\t\t<div class=\"eltd-product-title-holder\">\n\t\t\t\t<h5 class=\"eltd-product-list-product-title\"><a href=\"http:\/\/mueblesfranceska.com.ve\/?product=modular-p1939-0025\">Modular P1939-0025<\/a><\/h5>\n\t\t\t<\/div>\n\t\t\t\n\t\t<\/div>\n\n\n\t<\/div>\n<\/li>\n\n\n\n<li class=\"product type-product post-11418 status-publish first instock product_cat-franceska-design product_cat-mesas product_tag-mesa-lateral has-post-thumbnail shipping-taxable product-type-simple\" >\n\t<div class=\"eltd-product-inner\">\n\n\t\t<div class=\"eltd-product-image-holder\">\n\n\t\t\t<img width=\"300\" height=\"300\" src=\"http:\/\/mueblesfranceska.com.ve\/wp-content\/uploads\/2021\/01\/992-0181-MBG-300x300.jpg\" class=\"attachment-woocommerce_thumbnail size-woocommerce_thumbnail\" alt=\"Mesa Auxiliar 992-0181-MBG\" loading=\"lazy\" srcset=\"http:\/\/mueblesfranceska.com.ve\/wp-content\/uploads\/2021\/01\/992-0181-MBG-300x300.jpg 300w, http:\/\/mueblesfranceska.com.ve\/wp-content\/uploads\/2021\/01\/992-0181-MBG-150x150.jpg 150w, http:\/\/mueblesfranceska.com.ve\/wp-content\/uploads\/2021\/01\/992-0181-MBG-100x100.jpg 100w\" sizes=\"(max-width: 300px) 100vw, 300px\" \/>\t\t\t<div class=\"eltd-product-image-overlay\">\n\t\t\t\t<a class=\"eltd-product-link\" href=\"http:\/\/mueblesfranceska.com.ve\/?product=mesa-auxiliar-992-0181-mbg\"><\/a>\n\t\t\t\t<div class=\"eltd-product-image-overlay-inner\">\n\t\t\t\t\t<a href=\"http:\/\/mueblesfranceska.com.ve\/?product=mesa-auxiliar-992-0181-mbg\" target=\"_self\" style=\"color: #333333;background-color: #ffffff;border-color: #ffffff\" class=\"eltd-btn eltd-btn-medium eltd-btn-solid eltd-btn-custom-hover-bg eltd-btn-custom-border-hover eltd-btn-custom-hover-color  ajax_add_to_cart product_type_simple\" data-hover-bg-color=\"#363636\" data-hover-color=\"#ffffff\" data-hover-border-color=\"#363636\" rel=\"nofollow\" data-product_id=\"11418\"  data-quantity=\"1\">    <span class=\"eltd-btn-text\">Leer m\u00e1s<\/span>        <span class=\"eltd-btn-overlay\"   ><\/span><\/a>\t\t\t\t<\/div>\n\t\t\t<\/div>\n\t\t<\/div>\n\n\t\t<div class=\"eltd-product-content-holder\">\n\n\t\t\t<div class=\"eltd-product-title-holder\">\n\t\t\t\t<h5 class=\"eltd-product-list-product-title\"><a href=\"http:\/\/mueblesfranceska.com.ve\/?product=mesa-auxiliar-992-0181-mbg\">Mesa Auxiliar 992-0181-MBG<\/a><\/h5>\n\t\t\t<\/div>\n\t\t\t\n\t\t<\/div>\n\n\n\t<\/div>\n<\/li>\n\n\n\n<\/ul>\n<\/div>[\/vc_column][vc_column width=\u00bb1\/3&#8243;]<div class=\"woocommerce columns-1 \"><ul class=\"products columns eltd-type-1 \">\n<li class=\"product type-product post-11299 status-publish first instock product_cat-franceska-collection product_cat-poltronas product_tag-poltronas has-post-thumbnail shipping-taxable product-type-simple\" >\n\t<div class=\"eltd-product-inner\">\n\n\t\t<div class=\"eltd-product-image-holder\">\n\n\t\t\t<img width=\"300\" height=\"300\" src=\"http:\/\/mueblesfranceska.com.ve\/wp-content\/uploads\/2020\/12\/polt_adicora-300x300.jpg\" class=\"attachment-woocommerce_thumbnail size-woocommerce_thumbnail\" alt=\"Poltronas Adicora\" loading=\"lazy\" srcset=\"http:\/\/mueblesfranceska.com.ve\/wp-content\/uploads\/2020\/12\/polt_adicora-300x300.jpg 300w, http:\/\/mueblesfranceska.com.ve\/wp-content\/uploads\/2020\/12\/polt_adicora-150x150.jpg 150w, http:\/\/mueblesfranceska.com.ve\/wp-content\/uploads\/2020\/12\/polt_adicora-100x100.jpg 100w\" sizes=\"(max-width: 300px) 100vw, 300px\" \/>\t\t\t<div class=\"eltd-product-image-overlay\">\n\t\t\t\t<a class=\"eltd-product-link\" href=\"http:\/\/mueblesfranceska.com.ve\/?product=adicora\"><\/a>\n\t\t\t\t<div class=\"eltd-product-image-overlay-inner\">\n\t\t\t\t\t<a href=\"http:\/\/mueblesfranceska.com.ve\/?product=adicora\" target=\"_self\" style=\"color: #333333;background-color: #ffffff;border-color: #ffffff\" class=\"eltd-btn eltd-btn-medium eltd-btn-solid eltd-btn-custom-hover-bg eltd-btn-custom-border-hover eltd-btn-custom-hover-color  ajax_add_to_cart product_type_simple\" data-hover-bg-color=\"#363636\" data-hover-color=\"#ffffff\" data-hover-border-color=\"#363636\" rel=\"nofollow\" data-product_id=\"11299\"  data-quantity=\"1\">    <span class=\"eltd-btn-text\">Leer m\u00e1s<\/span>        <span class=\"eltd-btn-overlay\"   ><\/span><\/a>\t\t\t\t<\/div>\n\t\t\t<\/div>\n\t\t<\/div>\n\n\t\t<div class=\"eltd-product-content-holder\">\n\n\t\t\t<div class=\"eltd-product-title-holder\">\n\t\t\t\t<h5 class=\"eltd-product-list-product-title\"><a href=\"http:\/\/mueblesfranceska.com.ve\/?product=adicora\">Adicora<\/a><\/h5>\n\t\t\t<\/div>\n\t\t\t\n\t\t<\/div>\n\n\n\t<\/div>\n<\/li>\n\n\n\n<li class=\"product type-product post-11278 status-publish first instock product_cat-comedores product_cat-franceska-collection product_tag-comedores has-post-thumbnail shipping-taxable product-type-simple\" >\n\t<div class=\"eltd-product-inner\">\n\n\t\t<div class=\"eltd-product-image-holder\">\n\n\t\t\t<img width=\"300\" height=\"300\" src=\"http:\/\/mueblesfranceska.com.ve\/wp-content\/uploads\/2020\/12\/com_amazonas-300x300.jpg\" class=\"attachment-woocommerce_thumbnail size-woocommerce_thumbnail\" alt=\"Comedor Amazonas\" loading=\"lazy\" srcset=\"http:\/\/mueblesfranceska.com.ve\/wp-content\/uploads\/2020\/12\/com_amazonas-300x300.jpg 300w, http:\/\/mueblesfranceska.com.ve\/wp-content\/uploads\/2020\/12\/com_amazonas-150x150.jpg 150w, http:\/\/mueblesfranceska.com.ve\/wp-content\/uploads\/2020\/12\/com_amazonas-100x100.jpg 100w\" sizes=\"(max-width: 300px) 100vw, 300px\" \/>\t\t\t<div class=\"eltd-product-image-overlay\">\n\t\t\t\t<a class=\"eltd-product-link\" href=\"http:\/\/mueblesfranceska.com.ve\/?product=amazonas\"><\/a>\n\t\t\t\t<div class=\"eltd-product-image-overlay-inner\">\n\t\t\t\t\t<a href=\"http:\/\/mueblesfranceska.com.ve\/?product=amazonas\" target=\"_self\" style=\"color: #333333;background-color: #ffffff;border-color: #ffffff\" class=\"eltd-btn eltd-btn-medium eltd-btn-solid eltd-btn-custom-hover-bg eltd-btn-custom-border-hover eltd-btn-custom-hover-color  ajax_add_to_cart product_type_simple\" data-hover-bg-color=\"#363636\" data-hover-color=\"#ffffff\" data-hover-border-color=\"#363636\" rel=\"nofollow\" data-product_id=\"11278\"  data-quantity=\"1\">    <span class=\"eltd-btn-text\">Leer m\u00e1s<\/span>        <span class=\"eltd-btn-overlay\"   ><\/span><\/a>\t\t\t\t<\/div>\n\t\t\t<\/div>\n\t\t<\/div>\n\n\t\t<div class=\"eltd-product-content-holder\">\n\n\t\t\t<div class=\"eltd-product-title-holder\">\n\t\t\t\t<h5 class=\"eltd-product-list-product-title\"><a href=\"http:\/\/mueblesfranceska.com.ve\/?product=amazonas\">Amazonas<\/a><\/h5>\n\t\t\t<\/div>\n\t\t\t\n\t\t<\/div>\n\n\n\t<\/div>\n<\/li>\n\n\n\n<\/ul>\n<\/div>[\/vc_column][\/vc_row][vc_row row_type=\u00bbparallax\u00bb content_width=\u00bbgrid\u00bb full_screen_section_height=\u00bbno\u00bb parallax_background_image=\u00bb10204&#8243; center_bck_image=\u00bbno\u00bb css=\u00bb.vc_custom_1613326962127{padding-top: 105px !important;padding-bottom: 85px !important;background-image: url(http:\/\/mueblesfranceska.com.ve\/wp-content\/uploads\/2020\/12\/foto_homeparallax.jpg?id=10959) !important;}\u00bb][vc_column offset=\u00bbvc_col-lg-6 vc_col-md-6 vc_col-sm-offset-0&#8243;][\/vc_column][vc_column offset=\u00bbvc_col-lg-6 vc_col-md-6&#8243;][vc_empty_space height=\u00bb200px\u00bb][\/vc_column][\/vc_row][vc_row content_width=\u00bbgrid\u00bb content_aligment=\u00bbcenter\u00bb center_bck_image=\u00bbno\u00bb css=\u00bb.vc_custom_1611883469939{padding-top: 100px !important;padding-bottom: 70px !important;background-color: #ffffff !important;}\u00bb][vc_column css=\u00bb.vc_custom_1478679649355{padding-right: 7% !important;}\u00bb offset=\u00bbvc_col-lg-7 vc_col-md-12&#8243;][vc_column_text css=\u00bb.vc_custom_1609325194406{padding-right: 20px !important;padding-left: 20px !important;}\u00bb]<\/p>\n<h2 style=\"text-align: center;\">Sobre nosotros<\/h2>\n<p>[\/vc_column_text]<div class=\"eltd-separator-holder clearfix  eltd-separator-center\">\n\t<div class=\"eltd-separator\" style=\"border-color: #f29f25;border-style: solid;width: 200px;border-bottom-width: 4px\"><\/div>\n<\/div>\n[vc_column_text css=\u00bb.vc_custom_1612218948684{padding-right: 20px !important;padding-left: 20px !important;}\u00bb]<\/p>\n<p style=\"text-align: center; color: #666;\">Somos una empresa que nos destacamos por la fabricaci\u00f3n de una amplia variedad de muebles y accesorios para el hogar.<\/p>\n<p style=\"text-align: center; color: #666;\">Nos esforzamos en dise\u00f1ar las diferentes opciones para embellecer, redecorar y hacer de su hogar el m\u00e1s acogedor y c\u00f3modo.<\/p>\n<p style=\"text-align: center; color: #666;\">Nuestros dise\u00f1os est\u00e1n realizados con la materia prima de la mejor calidad, y utilizamos la m\u00e1s avanzada tecnolog\u00eda lo cual nos permite mantener en nuestros muebles los niveles de confort, funcionalidad y calidad que nos distinguen.<\/p>\n<p>[\/vc_column_text][vc_empty_space][\/vc_column][vc_column offset=\u00bbvc_col-lg-5 vc_col-md-12&#8243;][vc_empty_space height=\u00bb3px\u00bb][vc_single_image image=\u00bb10965&#8243; img_size=\u00bbfull\u00bb][\/vc_column][\/vc_row]<\/p>\n","protected":false},"excerpt":{"rendered":"<p>[vc_row content_width=\u00bbgrid\u00bb center_bck_image=\u00bbno\u00bb css=\u00bb.vc_custom_1613329834655{padding-top: 105px !important;padding-bottom: 60px !important;background-color: #959595 !important;}\u00bb el_class=\u00bbcategorias\u00bb][vc_column offset=\u00bbvc_col-lg-offset-0 vc_col-lg-12 vc_col-md-offset-0 vc_col-md-12&#8243; css=\u00bb.vc_custom_1610200266858{padding-right: 10% !important;padding-left: 10% !important;}\u00bb][vc_column_text css=\u00bb.vc_custom_1613081421144{padding-right: 20px !important;padding-left: 20px !important;}\u00bb] Cat\u00e1logo de Productos [\/vc_column_text][vc_column_text css=\u00bb.vc_custom_1613081465880{padding-right: 20px !important;padding-left: 20px !important;}\u00bb] Disponemos de una gran variedad de muebles fabricados con los mejores&#8230;<\/p>\n","protected":false},"author":1,"featured_media":0,"parent":0,"menu_order":0,"comment_status":"closed","ping_status":"closed","template":"full-width.php","meta":[],"_links":{"self":[{"href":"http:\/\/mueblesfranceska.com.ve\/index.php?rest_route=\/wp\/v2\/pages\/8764"}],"collection":[{"href":"http:\/\/mueblesfranceska.com.ve\/index.php?rest_route=\/wp\/v2\/pages"}],"about":[{"href":"http:\/\/mueblesfranceska.com.ve\/index.php?rest_route=\/wp\/v2\/types\/page"}],"author":[{"embeddable":true,"href":"http:\/\/mueblesfranceska.com.ve\/index.php?rest_route=\/wp\/v2\/users\/1"}],"replies":[{"embeddable":true,"href":"http:\/\/mueblesfranceska.com.ve\/index.php?rest_route=%2Fwp%2Fv2%2Fcomments&post=8764"}],"version-history":[{"count":107,"href":"http:\/\/mueblesfranceska.com.ve\/index.php?rest_route=\/wp\/v2\/pages\/8764\/revisions"}],"predecessor-version":[{"id":11585,"href":"http:\/\/mueblesfranceska.com.ve\/index.php?rest_route=\/wp\/v2\/pages\/8764\/revisions\/11585"}],"wp:attachment":[{"href":"http:\/\/mueblesfranceska.com.ve\/index.php?rest_route=%2Fwp%2Fv2%2Fmedia&parent=8764"}],"curies":[{"name":"wp","href":"https:\/\/api.w.org\/{rel}","templated":true}]}}